{"id":851,"date":"2012-01-04T09:24:02","date_gmt":"2012-01-04T12:24:02","guid":{"rendered":"http:\/\/www.sinepe-pi.org.br\/?page_id=851"},"modified":"2022-03-31T12:06:48","modified_gmt":"2022-03-31T15:06:48","slug":"diretoria","status":"publish","type":"page","link":"https:\/\/www.sinepe-pi.org.br\/site\/diretoria\/","title":{"rendered":"Diretoria"},"content":{"rendered":"\t\t<div data-elementor-type=\"wp-page\" data-elementor-id=\"851\" class=\"elementor elementor-851\" data-elementor-post-type=\"page\">\n\t\t\t\t\t\t<section class=\"elementor-section elementor-top-section elementor-element elementor-element-1f2cf055 elementor-section-boxed elementor-section-height-default elementor-section-height-default\" data-id=\"1f2cf055\" data-element_type=\"section\" data-e-type=\"section\">\n\t\t\t\t\t\t<div class=\"elementor-container elementor-column-gap-default\">\n\t\t\t\t\t<div class=\"elementor-column elementor-col-100 elementor-top-column elementor-element elementor-element-55ff475e\" data-id=\"55ff475e\" data-element_type=\"column\" data-e-type=\"column\">\n\t\t\t<div class=\"elementor-widget-wrap elementor-element-populated\">\n\t\t\t\t\t\t<div class=\"elementor-element elementor-element-76de8f6d elementor-widget elementor-widget-text-editor\" data-id=\"76de8f6d\" data-element_type=\"widget\" data-e-type=\"widget\" data-widget_type=\"text-editor.default\">\n\t\t\t\t<div class=\"elementor-widget-container\">\n\t\t\t\t\t\t\t\t\t<h2 style=\"text-align: center;\"><strong>QUADRI\u00caNIO<\/strong><\/h2><h2 style=\"text-align: center;\"><strong> 2021\/2025<\/strong><\/h2><h2 style=\"text-align: left;\"><strong>DIRETORIA EXECUTIVA<br \/><\/strong><\/h2><p><strong>CARGOS EFETIVOS<\/strong><\/p><p>PRESIDENTE &#8211; LEONARDO AIRTON PESSOA SOARES<br \/>1\u00ba VICE \u2013 PRESIDENTE MARCELO RODRIGUES DE SIQUEIRA<br \/>2\u00ba VICE \u2013 PRESIDENTE ATILA DE MELO LIRA<br \/>1\u00ba SECRET\u00c1RIO FRANCISCO ESPEDITO COSTA MIRANDA<br \/>2\u00ba SECRET\u00c1RIO THIAGO PARENTE RODRIGUES<br \/>1\u00ba TESOUREIRO TIAGO MARQUES DO NASCIMENTO<br \/>2\u00ba TESOUREIRO PEDRO HENRIQUE DAMASCENO DE OLIVEIRA<\/p><h2><strong>CONSELHO-FISCAL<\/strong><\/h2><p><strong>MEMBROS EFETIVOS<\/strong> <br \/>1\u00ba LUIZA SOARES GONDINHO OLIVEIRA <br \/>2\u00ba LINA ROSA LIRA RIBEIRO GON\u00c7ALVES DE CARVALHO <br \/>3\u00ba LENISE COSTA FONSECA<\/p><p><strong>SUPLENTES<\/strong><br \/>TERESA MARIA FERREIRA<br \/>RITA MARIA ALVES DANTAS<br \/>DALTON LUIS DE MORAES LEAL<\/p><h2>CONSELHO-DE \u00c9TICA<\/h2><p><strong>MEMBROS EFETIVOS<\/strong> <br \/>1\u00ba CLEMENTINO DE JESUS BARBOSA SIQUEIRA <br \/>2\u00ba JOS\u00c9 AIRTON VERAS SOARES <br \/>3\u00ba ALBERTINO NEIVA VELOSO<\/p><p><strong>SUPLENTES<\/strong><br \/>FRANCISCO DAS CHAGAS MACHADO<br \/>ROSIMAR DE CARVALHO BEZERRA MELO<br \/>GILSON FIGUEIREDO VIANA<\/p><h2>DELEGADOS<\/h2><p><strong>MEMBROS EFETIVOS<\/strong> <br \/>1\u00ba MARCELO RODRIGUES DE SIQUEIRA <br \/>2\u00ba AUDERI MARTINS CARNEIRO FILHO<\/p><p><strong>SUPLENTES<\/strong><br \/>ATILA DE MELO LIRA<br \/>LENISE COSTA FONSECA<\/p><h2>C\u00c2MARA DE ENSINO DE EDUCA\u00c7\u00c3O INFANTIL E<br \/>ENSINO FUNDAMENTAL<\/h2><p><strong>MEMBROS EFETIVOS\u00a0<\/strong><br \/>1\u00ba Marcelo Rodrigues de Siqueira<br \/>2\u00ba Tiago Marques do Nascimento<br \/>3\u00ba Gilson Figueiredo Viana<\/p><p><strong>AUXILIARES<br \/><\/strong>Francisco Espedito Costa Miranda<br \/>Rubenita Ferreira de Sousa<br \/>Luiza Soares Gondinho Oliveira<\/p><p><strong>C\u00c2MARA DE ENSINO M\u00c9DIO, T\u00c9CNICO E EJA<\/strong><\/p><p><strong>MEMBROS EFETIVOS\u00a0<\/strong><br \/>1\u00ba Pedro Henrique Damasceno de Oliveira<br \/>2\u00ba Marcelo Do Esp\u00edrito Santo Fran\u00e7a<br \/>3\u00ba Francisco Vilton Soares Rodrigues<\/p><p><strong>AUXILIARES<\/strong><\/p><p>Rosimar De Carvalho Bezerra Melo<br \/>Tiago Luis da Silva Soares<br \/>Rita Maria Alves Dantas<\/p><h2>C\u00c2MARA DE ENSINO SUPERIOR<\/h2><p><strong>MEMBROS EFETIVOS\u00a0<\/strong><br \/>1\u00ba \u00c1tila de Melo Lira Shirlei<br \/>2\u00ba Leonardo Airton Pessoa Soares <br \/>3\u00ba Bruno Ribeiro Agr\u00e9lio<\/p><p><strong>AUXILIARES<\/strong><\/p><p>Shirlei Andrea Guedes Dantas Araujo Santos<br \/>L\u00edlian Guimar\u00e3es do Nascimento Leal<br \/>Gisele Castelo Branco de Andrade Melo<\/p><h2><strong>C\u00c2MARA DE ENSINO DE CURSOS LIVRES<\/strong><\/h2><p><strong>MEMBROS EFETIVOS<\/strong><br \/>1\u00ba Lina Rosa Lira Ribeiro Gon\u00e7alves De Carvalho<br \/>2\u00ba David Chaves Watkins<br \/>3\u00ba Teresa Maria Ferreira<\/p>\t\t\t\t\t\t\t\t<\/div>\n\t\t\t\t<\/div>\n\t\t\t\t\t<\/div>\n\t\t<\/div>\n\t\t\t\t\t<\/div>\n\t\t<\/section>\n\t\t\t\t<\/div>\n\t\t","protected":false},"excerpt":{"rendered":"<p>QUADRI\u00caNIO 2021\/2025 DIRETORIA EXECUTIVA CARGOS EFETIVOS PRESIDENTE &#8211; LEONARDO AIRTON PESSOA SOARES1\u00ba VICE \u2013 PRESIDENTE MARCELO RODRIGUES DE SIQUEIRA2\u00ba VICE \u2013 PRESIDENTE ATILA DE MELO LIRA1\u00ba SECRET\u00c1RIO FRANCISCO ESPEDITO COSTA MIRANDA2\u00ba SECRET\u00c1RIO THIAGO PARENTE RODRIGUES1\u00ba TESOUREIRO TIAGO MARQUES DO NASCIMENTO2\u00ba TESOUREIRO PEDRO HENRIQUE DAMASCENO DE OLIVEIRA CONSELHO-FISCAL MEMBROS EFETIVOS 1\u00ba LUIZA SOARES GONDINHO OLIVEIRA 2\u00ba [&hellip;]<\/p>\n","protected":false},"author":1,"featured_media":0,"parent":0,"menu_order":0,"comment_status":"open","ping_status":"open","template":"","meta":{"_acf_changed":false,"footnotes":""},"class_list":["post-851","page","type-page","status-publish","hentry"],"acf":[],"yoast_head":"<!-- This site is optimized with the Yoast SEO plugin v27.4 - https:\/\/yoast.com\/product\/yoast-seo-wordpress\/ -->\n<title>Diretoria - SINEPE-PI - Sindicato dos Estabelecimentos de Ensino do Piau\u00ed<\/title>\n<meta name=\"robots\" content=\"index, follow, max-snippet:-1, max-image-preview:large, max-video-preview:-1\" \/>\n<link rel=\"canonical\" href=\"https:\/\/www.sinepe-pi.org.br\/site\/diretoria\/\" \/>\n<meta property=\"og:locale\" content=\"pt_BR\" \/>\n<meta property=\"og:type\" content=\"article\" \/>\n<meta property=\"og:title\" content=\"Diretoria - SINEPE-PI - Sindicato dos Estabelecimentos de Ensino do Piau\u00ed\" \/>\n<meta property=\"og:description\" content=\"QUADRI\u00caNIO 2021\/2025 DIRETORIA EXECUTIVA CARGOS EFETIVOS PRESIDENTE &#8211; LEONARDO AIRTON PESSOA SOARES1\u00ba VICE \u2013 PRESIDENTE MARCELO RODRIGUES DE SIQUEIRA2\u00ba VICE \u2013 PRESIDENTE ATILA DE MELO LIRA1\u00ba SECRET\u00c1RIO FRANCISCO ESPEDITO COSTA MIRANDA2\u00ba SECRET\u00c1RIO THIAGO PARENTE RODRIGUES1\u00ba TESOUREIRO TIAGO MARQUES DO NASCIMENTO2\u00ba TESOUREIRO PEDRO HENRIQUE DAMASCENO DE OLIVEIRA CONSELHO-FISCAL MEMBROS EFETIVOS 1\u00ba LUIZA SOARES GONDINHO OLIVEIRA 2\u00ba [&hellip;]\" \/>\n<meta property=\"og:url\" content=\"https:\/\/www.sinepe-pi.org.br\/site\/diretoria\/\" \/>\n<meta property=\"og:site_name\" content=\"SINEPE-PI - Sindicato dos Estabelecimentos de Ensino do Piau\u00ed\" \/>\n<meta property=\"article:publisher\" content=\"https:\/\/web.facebook.com\/sinepepiaui\" \/>\n<meta property=\"article:modified_time\" content=\"2022-03-31T15:06:48+00:00\" \/>\n<meta name=\"twitter:card\" content=\"summary_large_image\" \/>\n<meta name=\"twitter:label1\" content=\"Est. tempo de leitura\" \/>\n\t<meta name=\"twitter:data1\" content=\"2 minutos\" \/>\n<script type=\"application\/ld+json\" class=\"yoast-schema-graph\">{\"@context\":\"https:\\\/\\\/schema.org\",\"@graph\":[{\"@type\":\"WebPage\",\"@id\":\"https:\\\/\\\/www.sinepe-pi.org.br\\\/site\\\/diretoria\\\/\",\"url\":\"https:\\\/\\\/www.sinepe-pi.org.br\\\/site\\\/diretoria\\\/\",\"name\":\"Diretoria - SINEPE-PI - Sindicato dos Estabelecimentos de Ensino do Piau\u00ed\",\"isPartOf\":{\"@id\":\"https:\\\/\\\/www.sinepe-pi.org.br\\\/site\\\/#website\"},\"datePublished\":\"2012-01-04T12:24:02+00:00\",\"dateModified\":\"2022-03-31T15:06:48+00:00\",\"breadcrumb\":{\"@id\":\"https:\\\/\\\/www.sinepe-pi.org.br\\\/site\\\/diretoria\\\/#breadcrumb\"},\"inLanguage\":\"pt-BR\",\"potentialAction\":[{\"@type\":\"ReadAction\",\"target\":[\"https:\\\/\\\/www.sinepe-pi.org.br\\\/site\\\/diretoria\\\/\"]}]},{\"@type\":\"BreadcrumbList\",\"@id\":\"https:\\\/\\\/www.sinepe-pi.org.br\\\/site\\\/diretoria\\\/#breadcrumb\",\"itemListElement\":[{\"@type\":\"ListItem\",\"position\":1,\"name\":\"P\u00e1gina Inicial\",\"item\":\"https:\\\/\\\/www.sinepe-pi.org.br\\\/site\\\/\"},{\"@type\":\"ListItem\",\"position\":2,\"name\":\"Diretoria\"}]},{\"@type\":\"WebSite\",\"@id\":\"https:\\\/\\\/www.sinepe-pi.org.br\\\/site\\\/#website\",\"url\":\"https:\\\/\\\/www.sinepe-pi.org.br\\\/site\\\/\",\"name\":\"SINEPE-PI - Sindicato dos Estabelecimentos de Ensino do Piau\u00ed\",\"description\":\"Constitu\u00eddo como entidade sindical em 1985, o Sindicato dos Estabelecimentos de Ensino do Estado do Piau\u00ed \u2013 SINEPE\\\/PI, tem sua sede e foro na cidade de Teresina e base territorial no Estado do Piau\u00ed, com o objetivo de organizar, representar e fortalecer as escolas e faculdades particulares do Piau\u00ed. H\u00e1 31 anos, o Sindicato \u00e9 portanto, leg\u00edtimo representante das institui\u00e7\u00f5es de ensino da rede privada nesta unidade federada.\",\"publisher\":{\"@id\":\"https:\\\/\\\/www.sinepe-pi.org.br\\\/site\\\/#organization\"},\"potentialAction\":[{\"@type\":\"SearchAction\",\"target\":{\"@type\":\"EntryPoint\",\"urlTemplate\":\"https:\\\/\\\/www.sinepe-pi.org.br\\\/site\\\/?s={search_term_string}\"},\"query-input\":{\"@type\":\"PropertyValueSpecification\",\"valueRequired\":true,\"valueName\":\"search_term_string\"}}],\"inLanguage\":\"pt-BR\"},{\"@type\":\"Organization\",\"@id\":\"https:\\\/\\\/www.sinepe-pi.org.br\\\/site\\\/#organization\",\"name\":\"Sindicato das Institui\u00e7\u00f5es de Ensino do Estado do Piau\u00ed\",\"url\":\"https:\\\/\\\/www.sinepe-pi.org.br\\\/site\\\/\",\"logo\":{\"@type\":\"ImageObject\",\"inLanguage\":\"pt-BR\",\"@id\":\"https:\\\/\\\/www.sinepe-pi.org.br\\\/site\\\/#\\\/schema\\\/logo\\\/image\\\/\",\"url\":\"https:\\\/\\\/www.sinepe-pi.org.br\\\/site\\\/wp-content\\\/uploads\\\/2022\\\/03\\\/cropped-sinepe-frente.fw_-1-1.png\",\"contentUrl\":\"https:\\\/\\\/www.sinepe-pi.org.br\\\/site\\\/wp-content\\\/uploads\\\/2022\\\/03\\\/cropped-sinepe-frente.fw_-1-1.png\",\"width\":512,\"height\":512,\"caption\":\"Sindicato das Institui\u00e7\u00f5es de Ensino do Estado do Piau\u00ed\"},\"image\":{\"@id\":\"https:\\\/\\\/www.sinepe-pi.org.br\\\/site\\\/#\\\/schema\\\/logo\\\/image\\\/\"},\"sameAs\":[\"https:\\\/\\\/web.facebook.com\\\/sinepepiaui\",\"https:\\\/\\\/www.instagram.com\\\/sinepepiaui\\\/\"]}]}<\/script>\n<!-- \/ Yoast SEO plugin. -->","yoast_head_json":{"title":"Diretoria - SINEPE-PI - Sindicato dos Estabelecimentos de Ensino do Piau\u00ed","robots":{"index":"index","follow":"follow","max-snippet":"max-snippet:-1","max-image-preview":"max-image-preview:large","max-video-preview":"max-video-preview:-1"},"canonical":"https:\/\/www.sinepe-pi.org.br\/site\/diretoria\/","og_locale":"pt_BR","og_type":"article","og_title":"Diretoria - SINEPE-PI - Sindicato dos Estabelecimentos de Ensino do Piau\u00ed","og_description":"QUADRI\u00caNIO 2021\/2025 DIRETORIA EXECUTIVA CARGOS EFETIVOS PRESIDENTE &#8211; LEONARDO AIRTON PESSOA SOARES1\u00ba VICE \u2013 PRESIDENTE MARCELO RODRIGUES DE SIQUEIRA2\u00ba VICE \u2013 PRESIDENTE ATILA DE MELO LIRA1\u00ba SECRET\u00c1RIO FRANCISCO ESPEDITO COSTA MIRANDA2\u00ba SECRET\u00c1RIO THIAGO PARENTE RODRIGUES1\u00ba TESOUREIRO TIAGO MARQUES DO NASCIMENTO2\u00ba TESOUREIRO PEDRO HENRIQUE DAMASCENO DE OLIVEIRA CONSELHO-FISCAL MEMBROS EFETIVOS 1\u00ba LUIZA SOARES GONDINHO OLIVEIRA 2\u00ba [&hellip;]","og_url":"https:\/\/www.sinepe-pi.org.br\/site\/diretoria\/","og_site_name":"SINEPE-PI - Sindicato dos Estabelecimentos de Ensino do Piau\u00ed","article_publisher":"https:\/\/web.facebook.com\/sinepepiaui","article_modified_time":"2022-03-31T15:06:48+00:00","twitter_card":"summary_large_image","twitter_misc":{"Est. tempo de leitura":"2 minutos"},"schema":{"@context":"https:\/\/schema.org","@graph":[{"@type":"WebPage","@id":"https:\/\/www.sinepe-pi.org.br\/site\/diretoria\/","url":"https:\/\/www.sinepe-pi.org.br\/site\/diretoria\/","name":"Diretoria - SINEPE-PI - Sindicato dos Estabelecimentos de Ensino do Piau\u00ed","isPartOf":{"@id":"https:\/\/www.sinepe-pi.org.br\/site\/#website"},"datePublished":"2012-01-04T12:24:02+00:00","dateModified":"2022-03-31T15:06:48+00:00","breadcrumb":{"@id":"https:\/\/www.sinepe-pi.org.br\/site\/diretoria\/#breadcrumb"},"inLanguage":"pt-BR","potentialAction":[{"@type":"ReadAction","target":["https:\/\/www.sinepe-pi.org.br\/site\/diretoria\/"]}]},{"@type":"BreadcrumbList","@id":"https:\/\/www.sinepe-pi.org.br\/site\/diretoria\/#breadcrumb","itemListElement":[{"@type":"ListItem","position":1,"name":"P\u00e1gina Inicial","item":"https:\/\/www.sinepe-pi.org.br\/site\/"},{"@type":"ListItem","position":2,"name":"Diretoria"}]},{"@type":"WebSite","@id":"https:\/\/www.sinepe-pi.org.br\/site\/#website","url":"https:\/\/www.sinepe-pi.org.br\/site\/","name":"SINEPE-PI - Sindicato dos Estabelecimentos de Ensino do Piau\u00ed","description":"Constitu\u00eddo como entidade sindical em 1985, o Sindicato dos Estabelecimentos de Ensino do Estado do Piau\u00ed \u2013 SINEPE\/PI, tem sua sede e foro na cidade de Teresina e base territorial no Estado do Piau\u00ed, com o objetivo de organizar, representar e fortalecer as escolas e faculdades particulares do Piau\u00ed. H\u00e1 31 anos, o Sindicato \u00e9 portanto, leg\u00edtimo representante das institui\u00e7\u00f5es de ensino da rede privada nesta unidade federada.","publisher":{"@id":"https:\/\/www.sinepe-pi.org.br\/site\/#organization"},"potentialAction":[{"@type":"SearchAction","target":{"@type":"EntryPoint","urlTemplate":"https:\/\/www.sinepe-pi.org.br\/site\/?s={search_term_string}"},"query-input":{"@type":"PropertyValueSpecification","valueRequired":true,"valueName":"search_term_string"}}],"inLanguage":"pt-BR"},{"@type":"Organization","@id":"https:\/\/www.sinepe-pi.org.br\/site\/#organization","name":"Sindicato das Institui\u00e7\u00f5es de Ensino do Estado do Piau\u00ed","url":"https:\/\/www.sinepe-pi.org.br\/site\/","logo":{"@type":"ImageObject","inLanguage":"pt-BR","@id":"https:\/\/www.sinepe-pi.org.br\/site\/#\/schema\/logo\/image\/","url":"https:\/\/www.sinepe-pi.org.br\/site\/wp-content\/uploads\/2022\/03\/cropped-sinepe-frente.fw_-1-1.png","contentUrl":"https:\/\/www.sinepe-pi.org.br\/site\/wp-content\/uploads\/2022\/03\/cropped-sinepe-frente.fw_-1-1.png","width":512,"height":512,"caption":"Sindicato das Institui\u00e7\u00f5es de Ensino do Estado do Piau\u00ed"},"image":{"@id":"https:\/\/www.sinepe-pi.org.br\/site\/#\/schema\/logo\/image\/"},"sameAs":["https:\/\/web.facebook.com\/sinepepiaui","https:\/\/www.instagram.com\/sinepepiaui\/"]}]}},"_links":{"self":[{"href":"https:\/\/www.sinepe-pi.org.br\/site\/wp-json\/wp\/v2\/pages\/851","targetHints":{"allow":["GET"]}}],"collection":[{"href":"https:\/\/www.sinepe-pi.org.br\/site\/wp-json\/wp\/v2\/pages"}],"about":[{"href":"https:\/\/www.sinepe-pi.org.br\/site\/wp-json\/wp\/v2\/types\/page"}],"author":[{"embeddable":true,"href":"https:\/\/www.sinepe-pi.org.br\/site\/wp-json\/wp\/v2\/users\/1"}],"replies":[{"embeddable":true,"href":"https:\/\/www.sinepe-pi.org.br\/site\/wp-json\/wp\/v2\/comments?post=851"}],"version-history":[{"count":0,"href":"https:\/\/www.sinepe-pi.org.br\/site\/wp-json\/wp\/v2\/pages\/851\/revisions"}],"wp:attachment":[{"href":"https:\/\/www.sinepe-pi.org.br\/site\/wp-json\/wp\/v2\/media?parent=851"}],"curies":[{"name":"wp","href":"https:\/\/api.w.org\/{rel}","templated":true}]}}