{"id":107470,"date":"2023-05-12T11:52:49","date_gmt":"2023-05-12T14:52:49","guid":{"rendered":"https:\/\/www.sinepe-pi.org.br\/site\/?post_type=galeradefotos&#038;p=107470"},"modified":"2023-05-12T11:54:07","modified_gmt":"2023-05-12T14:54:07","slug":"sinepe-pi-participa-de-debate-sobre-a-avaliacao-e-reforma-do-novo-ensino-medio-nem","status":"publish","type":"galeradefotos","link":"https:\/\/www.sinepe-pi.org.br\/site\/galeradefotos\/sinepe-pi-participa-de-debate-sobre-a-avaliacao-e-reforma-do-novo-ensino-medio-nem\/","title":{"rendered":"SINEPE-PI participa de debate sobre a Avalia\u00e7\u00e3o e Reforma do Novo Ensino M\u00e9dio &#8211; NEM"},"content":{"rendered":"\n<p>Fotos\/Marcelo Cardoso<\/p>\n\n\n\n<p><a href=\"https:\/\/www.sinepe-pi.org.br\/site\/noticias\/sinepe-pi-participa-de-debate-sobre-a-avaliacao-e-reforma-do-novo-ensino-medio-nem\/\">Veja mais informa\u00e7\u00f5es sobre o evento.<\/a><\/p>\n","protected":false},"featured_media":107469,"template":"","class_list":["post-107470","galeradefotos","type-galeradefotos","status-publish","has-post-thumbnail","hentry"],"acf":[],"yoast_head":"<!-- This site is optimized with the Yoast SEO plugin v27.4 - https:\/\/yoast.com\/product\/yoast-seo-wordpress\/ -->\n<title>SINEPE-PI participa de debate sobre a Avalia\u00e7\u00e3o e Reforma do Novo Ensino M\u00e9dio - NEM - SINEPE-PI - Sindicato dos Estabelecimentos de Ensino do Piau\u00ed<\/title>\n<meta name=\"robots\" content=\"index, follow, max-snippet:-1, max-image-preview:large, max-video-preview:-1\" \/>\n<link rel=\"canonical\" href=\"https:\/\/www.sinepe-pi.org.br\/site\/galeradefotos\/sinepe-pi-participa-de-debate-sobre-a-avaliacao-e-reforma-do-novo-ensino-medio-nem\/\" \/>\n<meta property=\"og:locale\" content=\"pt_BR\" \/>\n<meta property=\"og:type\" content=\"article\" \/>\n<meta property=\"og:title\" content=\"SINEPE-PI participa de debate sobre a Avalia\u00e7\u00e3o e Reforma do Novo Ensino M\u00e9dio - NEM - SINEPE-PI - Sindicato dos Estabelecimentos de Ensino do Piau\u00ed\" \/>\n<meta property=\"og:description\" content=\"Fotos\/Marcelo Cardoso Veja mais informa\u00e7\u00f5es sobre o evento.\" \/>\n<meta property=\"og:url\" content=\"https:\/\/www.sinepe-pi.org.br\/site\/galeradefotos\/sinepe-pi-participa-de-debate-sobre-a-avaliacao-e-reforma-do-novo-ensino-medio-nem\/\" \/>\n<meta property=\"og:site_name\" content=\"SINEPE-PI - Sindicato dos Estabelecimentos de Ensino do Piau\u00ed\" \/>\n<meta property=\"article:publisher\" content=\"https:\/\/web.facebook.com\/sinepepiaui\" \/>\n<meta property=\"article:modified_time\" content=\"2023-05-12T14:54:07+00:00\" \/>\n<meta property=\"og:image\" content=\"https:\/\/www.sinepe-pi.org.br\/site\/wp-content\/uploads\/2023\/05\/sitecerto-3.png\" \/>\n\t<meta property=\"og:image:width\" content=\"1100\" \/>\n\t<meta property=\"og:image:height\" content=\"500\" \/>\n\t<meta property=\"og:image:type\" content=\"image\/png\" \/>\n<meta name=\"twitter:card\" content=\"summary_large_image\" \/>\n<meta name=\"twitter:label1\" content=\"Est. tempo de leitura\" \/>\n\t<meta name=\"twitter:data1\" content=\"1 minuto\" \/>\n<script type=\"application\/ld+json\" class=\"yoast-schema-graph\">{\"@context\":\"https:\\\/\\\/schema.org\",\"@graph\":[{\"@type\":\"WebPage\",\"@id\":\"https:\\\/\\\/www.sinepe-pi.org.br\\\/site\\\/galeradefotos\\\/sinepe-pi-participa-de-debate-sobre-a-avaliacao-e-reforma-do-novo-ensino-medio-nem\\\/\",\"url\":\"https:\\\/\\\/www.sinepe-pi.org.br\\\/site\\\/galeradefotos\\\/sinepe-pi-participa-de-debate-sobre-a-avaliacao-e-reforma-do-novo-ensino-medio-nem\\\/\",\"name\":\"SINEPE-PI participa de debate sobre a Avalia\u00e7\u00e3o e Reforma do Novo Ensino M\u00e9dio - NEM - SINEPE-PI - Sindicato dos Estabelecimentos de Ensino do Piau\u00ed\",\"isPartOf\":{\"@id\":\"https:\\\/\\\/www.sinepe-pi.org.br\\\/site\\\/#website\"},\"primaryImageOfPage\":{\"@id\":\"https:\\\/\\\/www.sinepe-pi.org.br\\\/site\\\/galeradefotos\\\/sinepe-pi-participa-de-debate-sobre-a-avaliacao-e-reforma-do-novo-ensino-medio-nem\\\/#primaryimage\"},\"image\":{\"@id\":\"https:\\\/\\\/www.sinepe-pi.org.br\\\/site\\\/galeradefotos\\\/sinepe-pi-participa-de-debate-sobre-a-avaliacao-e-reforma-do-novo-ensino-medio-nem\\\/#primaryimage\"},\"thumbnailUrl\":\"https:\\\/\\\/www.sinepe-pi.org.br\\\/site\\\/wp-content\\\/uploads\\\/2023\\\/05\\\/sitecerto-3.png\",\"datePublished\":\"2023-05-12T14:52:49+00:00\",\"dateModified\":\"2023-05-12T14:54:07+00:00\",\"breadcrumb\":{\"@id\":\"https:\\\/\\\/www.sinepe-pi.org.br\\\/site\\\/galeradefotos\\\/sinepe-pi-participa-de-debate-sobre-a-avaliacao-e-reforma-do-novo-ensino-medio-nem\\\/#breadcrumb\"},\"inLanguage\":\"pt-BR\",\"potentialAction\":[{\"@type\":\"ReadAction\",\"target\":[\"https:\\\/\\\/www.sinepe-pi.org.br\\\/site\\\/galeradefotos\\\/sinepe-pi-participa-de-debate-sobre-a-avaliacao-e-reforma-do-novo-ensino-medio-nem\\\/\"]}]},{\"@type\":\"ImageObject\",\"inLanguage\":\"pt-BR\",\"@id\":\"https:\\\/\\\/www.sinepe-pi.org.br\\\/site\\\/galeradefotos\\\/sinepe-pi-participa-de-debate-sobre-a-avaliacao-e-reforma-do-novo-ensino-medio-nem\\\/#primaryimage\",\"url\":\"https:\\\/\\\/www.sinepe-pi.org.br\\\/site\\\/wp-content\\\/uploads\\\/2023\\\/05\\\/sitecerto-3.png\",\"contentUrl\":\"https:\\\/\\\/www.sinepe-pi.org.br\\\/site\\\/wp-content\\\/uploads\\\/2023\\\/05\\\/sitecerto-3.png\",\"width\":1100,\"height\":500},{\"@type\":\"BreadcrumbList\",\"@id\":\"https:\\\/\\\/www.sinepe-pi.org.br\\\/site\\\/galeradefotos\\\/sinepe-pi-participa-de-debate-sobre-a-avaliacao-e-reforma-do-novo-ensino-medio-nem\\\/#breadcrumb\",\"itemListElement\":[{\"@type\":\"ListItem\",\"position\":1,\"name\":\"P\u00e1gina Inicial\",\"item\":\"https:\\\/\\\/www.sinepe-pi.org.br\\\/site\\\/\"},{\"@type\":\"ListItem\",\"position\":2,\"name\":\"Galerias de Fotos\",\"item\":\"https:\\\/\\\/www.sinepe-pi.org.br\\\/site\\\/galeradefotos\\\/\"},{\"@type\":\"ListItem\",\"position\":3,\"name\":\"SINEPE-PI participa de debate sobre a Avalia\u00e7\u00e3o e Reforma do Novo Ensino M\u00e9dio &#8211; NEM\"}]},{\"@type\":\"WebSite\",\"@id\":\"https:\\\/\\\/www.sinepe-pi.org.br\\\/site\\\/#website\",\"url\":\"https:\\\/\\\/www.sinepe-pi.org.br\\\/site\\\/\",\"name\":\"SINEPE-PI - Sindicato dos Estabelecimentos de Ensino do Piau\u00ed\",\"description\":\"Constitu\u00eddo como entidade sindical em 1985, o Sindicato dos Estabelecimentos de Ensino do Estado do Piau\u00ed \u2013 SINEPE\\\/PI, tem sua sede e foro na cidade de Teresina e base territorial no Estado do Piau\u00ed, com o objetivo de organizar, representar e fortalecer as escolas e faculdades particulares do Piau\u00ed. H\u00e1 31 anos, o Sindicato \u00e9 portanto, leg\u00edtimo representante das institui\u00e7\u00f5es de ensino da rede privada nesta unidade federada.\",\"publisher\":{\"@id\":\"https:\\\/\\\/www.sinepe-pi.org.br\\\/site\\\/#organization\"},\"potentialAction\":[{\"@type\":\"SearchAction\",\"target\":{\"@type\":\"EntryPoint\",\"urlTemplate\":\"https:\\\/\\\/www.sinepe-pi.org.br\\\/site\\\/?s={search_term_string}\"},\"query-input\":{\"@type\":\"PropertyValueSpecification\",\"valueRequired\":true,\"valueName\":\"search_term_string\"}}],\"inLanguage\":\"pt-BR\"},{\"@type\":\"Organization\",\"@id\":\"https:\\\/\\\/www.sinepe-pi.org.br\\\/site\\\/#organization\",\"name\":\"Sindicato das Institui\u00e7\u00f5es de Ensino do Estado do Piau\u00ed\",\"url\":\"https:\\\/\\\/www.sinepe-pi.org.br\\\/site\\\/\",\"logo\":{\"@type\":\"ImageObject\",\"inLanguage\":\"pt-BR\",\"@id\":\"https:\\\/\\\/www.sinepe-pi.org.br\\\/site\\\/#\\\/schema\\\/logo\\\/image\\\/\",\"url\":\"https:\\\/\\\/www.sinepe-pi.org.br\\\/site\\\/wp-content\\\/uploads\\\/2022\\\/03\\\/cropped-sinepe-frente.fw_-1-1.png\",\"contentUrl\":\"https:\\\/\\\/www.sinepe-pi.org.br\\\/site\\\/wp-content\\\/uploads\\\/2022\\\/03\\\/cropped-sinepe-frente.fw_-1-1.png\",\"width\":512,\"height\":512,\"caption\":\"Sindicato das Institui\u00e7\u00f5es de Ensino do Estado do Piau\u00ed\"},\"image\":{\"@id\":\"https:\\\/\\\/www.sinepe-pi.org.br\\\/site\\\/#\\\/schema\\\/logo\\\/image\\\/\"},\"sameAs\":[\"https:\\\/\\\/web.facebook.com\\\/sinepepiaui\",\"https:\\\/\\\/www.instagram.com\\\/sinepepiaui\\\/\"]}]}<\/script>\n<!-- \/ Yoast SEO plugin. -->","yoast_head_json":{"title":"SINEPE-PI participa de debate sobre a Avalia\u00e7\u00e3o e Reforma do Novo Ensino M\u00e9dio - NEM - SINEPE-PI - Sindicato dos Estabelecimentos de Ensino do Piau\u00ed","robots":{"index":"index","follow":"follow","max-snippet":"max-snippet:-1","max-image-preview":"max-image-preview:large","max-video-preview":"max-video-preview:-1"},"canonical":"https:\/\/www.sinepe-pi.org.br\/site\/galeradefotos\/sinepe-pi-participa-de-debate-sobre-a-avaliacao-e-reforma-do-novo-ensino-medio-nem\/","og_locale":"pt_BR","og_type":"article","og_title":"SINEPE-PI participa de debate sobre a Avalia\u00e7\u00e3o e Reforma do Novo Ensino M\u00e9dio - NEM - SINEPE-PI - Sindicato dos Estabelecimentos de Ensino do Piau\u00ed","og_description":"Fotos\/Marcelo Cardoso Veja mais informa\u00e7\u00f5es sobre o evento.","og_url":"https:\/\/www.sinepe-pi.org.br\/site\/galeradefotos\/sinepe-pi-participa-de-debate-sobre-a-avaliacao-e-reforma-do-novo-ensino-medio-nem\/","og_site_name":"SINEPE-PI - Sindicato dos Estabelecimentos de Ensino do Piau\u00ed","article_publisher":"https:\/\/web.facebook.com\/sinepepiaui","article_modified_time":"2023-05-12T14:54:07+00:00","og_image":[{"width":1100,"height":500,"url":"https:\/\/www.sinepe-pi.org.br\/site\/wp-content\/uploads\/2023\/05\/sitecerto-3.png","type":"image\/png"}],"twitter_card":"summary_large_image","twitter_misc":{"Est. tempo de leitura":"1 minuto"},"schema":{"@context":"https:\/\/schema.org","@graph":[{"@type":"WebPage","@id":"https:\/\/www.sinepe-pi.org.br\/site\/galeradefotos\/sinepe-pi-participa-de-debate-sobre-a-avaliacao-e-reforma-do-novo-ensino-medio-nem\/","url":"https:\/\/www.sinepe-pi.org.br\/site\/galeradefotos\/sinepe-pi-participa-de-debate-sobre-a-avaliacao-e-reforma-do-novo-ensino-medio-nem\/","name":"SINEPE-PI participa de debate sobre a Avalia\u00e7\u00e3o e Reforma do Novo Ensino M\u00e9dio - NEM - SINEPE-PI - Sindicato dos Estabelecimentos de Ensino do Piau\u00ed","isPartOf":{"@id":"https:\/\/www.sinepe-pi.org.br\/site\/#website"},"primaryImageOfPage":{"@id":"https:\/\/www.sinepe-pi.org.br\/site\/galeradefotos\/sinepe-pi-participa-de-debate-sobre-a-avaliacao-e-reforma-do-novo-ensino-medio-nem\/#primaryimage"},"image":{"@id":"https:\/\/www.sinepe-pi.org.br\/site\/galeradefotos\/sinepe-pi-participa-de-debate-sobre-a-avaliacao-e-reforma-do-novo-ensino-medio-nem\/#primaryimage"},"thumbnailUrl":"https:\/\/www.sinepe-pi.org.br\/site\/wp-content\/uploads\/2023\/05\/sitecerto-3.png","datePublished":"2023-05-12T14:52:49+00:00","dateModified":"2023-05-12T14:54:07+00:00","breadcrumb":{"@id":"https:\/\/www.sinepe-pi.org.br\/site\/galeradefotos\/sinepe-pi-participa-de-debate-sobre-a-avaliacao-e-reforma-do-novo-ensino-medio-nem\/#breadcrumb"},"inLanguage":"pt-BR","potentialAction":[{"@type":"ReadAction","target":["https:\/\/www.sinepe-pi.org.br\/site\/galeradefotos\/sinepe-pi-participa-de-debate-sobre-a-avaliacao-e-reforma-do-novo-ensino-medio-nem\/"]}]},{"@type":"ImageObject","inLanguage":"pt-BR","@id":"https:\/\/www.sinepe-pi.org.br\/site\/galeradefotos\/sinepe-pi-participa-de-debate-sobre-a-avaliacao-e-reforma-do-novo-ensino-medio-nem\/#primaryimage","url":"https:\/\/www.sinepe-pi.org.br\/site\/wp-content\/uploads\/2023\/05\/sitecerto-3.png","contentUrl":"https:\/\/www.sinepe-pi.org.br\/site\/wp-content\/uploads\/2023\/05\/sitecerto-3.png","width":1100,"height":500},{"@type":"BreadcrumbList","@id":"https:\/\/www.sinepe-pi.org.br\/site\/galeradefotos\/sinepe-pi-participa-de-debate-sobre-a-avaliacao-e-reforma-do-novo-ensino-medio-nem\/#breadcrumb","itemListElement":[{"@type":"ListItem","position":1,"name":"P\u00e1gina Inicial","item":"https:\/\/www.sinepe-pi.org.br\/site\/"},{"@type":"ListItem","position":2,"name":"Galerias de Fotos","item":"https:\/\/www.sinepe-pi.org.br\/site\/galeradefotos\/"},{"@type":"ListItem","position":3,"name":"SINEPE-PI participa de debate sobre a Avalia\u00e7\u00e3o e Reforma do Novo Ensino M\u00e9dio &#8211; NEM"}]},{"@type":"WebSite","@id":"https:\/\/www.sinepe-pi.org.br\/site\/#website","url":"https:\/\/www.sinepe-pi.org.br\/site\/","name":"SINEPE-PI - Sindicato dos Estabelecimentos de Ensino do Piau\u00ed","description":"Constitu\u00eddo como entidade sindical em 1985, o Sindicato dos Estabelecimentos de Ensino do Estado do Piau\u00ed \u2013 SINEPE\/PI, tem sua sede e foro na cidade de Teresina e base territorial no Estado do Piau\u00ed, com o objetivo de organizar, representar e fortalecer as escolas e faculdades particulares do Piau\u00ed. H\u00e1 31 anos, o Sindicato \u00e9 portanto, leg\u00edtimo representante das institui\u00e7\u00f5es de ensino da rede privada nesta unidade federada.","publisher":{"@id":"https:\/\/www.sinepe-pi.org.br\/site\/#organization"},"potentialAction":[{"@type":"SearchAction","target":{"@type":"EntryPoint","urlTemplate":"https:\/\/www.sinepe-pi.org.br\/site\/?s={search_term_string}"},"query-input":{"@type":"PropertyValueSpecification","valueRequired":true,"valueName":"search_term_string"}}],"inLanguage":"pt-BR"},{"@type":"Organization","@id":"https:\/\/www.sinepe-pi.org.br\/site\/#organization","name":"Sindicato das Institui\u00e7\u00f5es de Ensino do Estado do Piau\u00ed","url":"https:\/\/www.sinepe-pi.org.br\/site\/","logo":{"@type":"ImageObject","inLanguage":"pt-BR","@id":"https:\/\/www.sinepe-pi.org.br\/site\/#\/schema\/logo\/image\/","url":"https:\/\/www.sinepe-pi.org.br\/site\/wp-content\/uploads\/2022\/03\/cropped-sinepe-frente.fw_-1-1.png","contentUrl":"https:\/\/www.sinepe-pi.org.br\/site\/wp-content\/uploads\/2022\/03\/cropped-sinepe-frente.fw_-1-1.png","width":512,"height":512,"caption":"Sindicato das Institui\u00e7\u00f5es de Ensino do Estado do Piau\u00ed"},"image":{"@id":"https:\/\/www.sinepe-pi.org.br\/site\/#\/schema\/logo\/image\/"},"sameAs":["https:\/\/web.facebook.com\/sinepepiaui","https:\/\/www.instagram.com\/sinepepiaui\/"]}]}},"_links":{"self":[{"href":"https:\/\/www.sinepe-pi.org.br\/site\/wp-json\/wp\/v2\/galeradefotos\/107470","targetHints":{"allow":["GET"]}}],"collection":[{"href":"https:\/\/www.sinepe-pi.org.br\/site\/wp-json\/wp\/v2\/galeradefotos"}],"about":[{"href":"https:\/\/www.sinepe-pi.org.br\/site\/wp-json\/wp\/v2\/types\/galeradefotos"}],"version-history":[{"count":0,"href":"https:\/\/www.sinepe-pi.org.br\/site\/wp-json\/wp\/v2\/galeradefotos\/107470\/revisions"}],"wp:featuredmedia":[{"embeddable":true,"href":"https:\/\/www.sinepe-pi.org.br\/site\/wp-json\/wp\/v2\/media\/107469"}],"wp:attachment":[{"href":"https:\/\/www.sinepe-pi.org.br\/site\/wp-json\/wp\/v2\/media?parent=107470"}],"curies":[{"name":"wp","href":"https:\/\/api.w.org\/{rel}","templated":true}]}}